{"id":388,"date":"2021-11-02T00:25:19","date_gmt":"2021-11-02T00:25:19","guid":{"rendered":"https:\/\/integration.ow.ch\/?page_id=388"},"modified":"2025-10-09T15:00:23","modified_gmt":"2025-10-09T13:00:23","slug":"familie-kinder-2","status":"publish","type":"page","link":"https:\/\/integration.ow.ch\/it\/familie-kinder-2\/","title":{"rendered":"Famiglia \/ Bambini"},"content":{"rendered":"<h1 class=\"wp-block-heading\">Famiglia \/ Bambini<\/h1>\n\n\n\n<h3 class=\"wp-block-heading\">Domande:<\/h3>\n\n\n\n<div class=\"wp-block-quick-and-easy-faqs-faqs-accordion-orderby-title-asc\">            <div class=\"qae-faqs-container qae-faqs-toggle-container\">\n\t\t\t\t\t\t\t<ul class=\"qe-faqs-filters-container\">\n\t\t\t\t<li class=\"active\"><a class=\"qe-faqs-filter all-faqs\" href=\"#\" data-filter=\"*\">Tutti<\/a><\/li>\n\t\t\t\t<li><a class=\"qe-faqs-filter\" href=\"#Familie\/Kinder\" data-filter=\".Familie\/Kinder\">Famiglia\/Bambini<\/a><\/li>\t\t\t<\/ul>\n\t\t\t\t\t<div id=\"qaef-2162\" class=\"qe-faq-toggle familie-kinder\">\n\t\t\t<div class=\"qe-toggle-title\">\n\t\t\t\t<h4>\n\t\t\t\t\t<i class=\"fa fa-minus-circle\"><\/i> 01. Wie funktioniert das Heiraten in der Schweiz?\t\t\t\t<\/h4>\n\t\t\t<\/div>\n\t\t\t<div class=\"qe-toggle-content\">\n\t\t\t\t\n<p>In der Schweiz sind die kantonalen Zivilstands\u00e4mter f\u00fcr die Eheschliessung und die eingetragenen Partnerschaften zust\u00e4ndig. <strong><em><a href=\"https:\/\/www.sarnen.ch\/aemter\/3888\">Qui<\/a><\/em><\/strong> finden Sie die zust\u00e4ndige Stelle in Obwalden. <\/p>\n\n\n\n<p>Bevor Sie Sich zivil trauen lassen k\u00f6nnen, m\u00fcssen Sie ein Ehevorbereitungsverfahren durchlaufen, wo gepr\u00fcft wird, ob die Voraussetzungen f\u00fcr eine Ehe gegeben sind. Erst nach der zivilen Trauung ist zus\u00e4tzlich eine religi\u00f6se oder freie Trauung m\u00f6glich. Weitere wichtige Informationen zu den Vorbereitungen, der Trauung, den Kosten und den Auswirkungen auf die B\u00fcrgerrecht finden Sie <strong><em><a href=\"https:\/\/www.ch.ch\/de\/familie-und-partnerschaft\/heirat--konkubinat--partenariat\/heiraten\/\">qui<\/a><\/em><\/strong>. <\/p>\n\n\n\n<p>Ab dem 1. Juli 2022 gilt in der Schweiz die <strong><em><a href=\"https:\/\/www.bj.admin.ch\/bj\/de\/home\/gesellschaft\/zivilstand\/faq\/ehe.html#-2084250450\">&#171;Ehe f\u00fcr alle&#187;<\/a><\/em><\/strong>. Seit dem k\u00f6nnen auch gleichgeschlechtliche Paare in der Schweiz heiraten. <\/p>\n\n\n\n<p><\/p>\n\t\t\t<\/div>\n\t\t<\/div>\n\t\t\t\t<div id=\"qaef-413\" class=\"qe-faq-toggle familie-kinder\">\n\t\t\t<div class=\"qe-toggle-title\">\n\t\t\t\t<h4>\n\t\t\t\t\t<i class=\"fa fa-minus-circle\"><\/i> 02. Welche Schritte sind nach der Geburt meines Kindes notwendig?\t\t\t\t<\/h4>\n\t\t\t<\/div>\n\t\t\t<div class=\"qe-toggle-content\">\n\t\t\t\t\n<div class=\"inherit-container-width wp-block-group is-layout-constrained wp-block-group-is-layout-constrained\"><div class=\"wp-block-group__inner-container\">\n<figure class=\"wp-block-image alignright size-full is-resized\"><img decoding=\"async\" loading=\"lazy\" width=\"300\" height=\"203\" src=\"https:\/\/integration.ow.ch\/wp-content\/uploads\/2021\/11\/csm_F5-2_26329542_Kati_Molin_97288a16a6.jpg\" alt=\"\" class=\"wp-image-414\" style=\"width:300px;height:203px\" \/><\/figure>\n\n\n\n<p>Alle Geburten werden vom <strong><em><a href=\"https:\/\/www.sarnen.ch\/aemter\/3888\">Zivilstandsamt<\/a><\/em><\/strong> registriert. Melden Sie sich dort mit dem<strong> Geburtsanzeigeformular<\/strong> e dal <strong>Scheda famiglia<\/strong>. \u00c8 inoltre possibile ottenere informazioni sui nomi di famiglia, sul riconoscimento della paternit\u00e0, sui certificati di nascita e sulla cittadinanza e nazionalit\u00e0.<\/p>\n\n\n\n<p>Falls Sie sich weiter \u00fcber die Familienplanung und die Geburt informieren m\u00f6chten, finden Sie unter folgenden Links weitere Informationen: <\/p>\n\n\n\n<ul class=\"wp-block-list\">\n<li><strong><em><a href=\"https:\/\/www.sarnen.ch\/dienstleistungen\/10295\">Zust\u00e4ndigkeiten rund um die Geburt<\/a><\/em><\/strong><\/li>\n\n\n\n<li><strong><em><a href=\"https:\/\/www.ch.ch\/de\/familie-und-partnerschaft\/mutterschaft-und-vaterschaft\/\">Mutterschaft und Vaterschaft<\/a><\/em><\/strong><\/li>\n\n\n\n<li><strong><em><a href=\"https:\/\/integration.ow.ch\/it\/gesundheit\/familienplanung\/\">Pianificazione familiare<\/a><\/em><\/strong> <\/li>\n\n\n\n<li><\/li>\n<\/ul>\n<\/div><\/div>\n\t\t\t<\/div>\n\t\t<\/div>\n\t\t\t\t<div id=\"qaef-417\" class=\"qe-faq-toggle familie-kinder\">\n\t\t\t<div class=\"qe-toggle-title\">\n\t\t\t\t<h4>\n\t\t\t\t\t<i class=\"fa fa-minus-circle\"><\/i> 03. Wo erhalte ich Hilfe als Eltern von S\u00e4uglingen und Kleinkindern?\t\t\t\t<\/h4>\n\t\t\t<\/div>\n\t\t\t<div class=\"qe-toggle-content\">\n\t\t\t\t\n<div class=\"inherit-container-width wp-block-group is-layout-constrained wp-block-group-is-layout-constrained\"><div class=\"wp-block-group__inner-container\">\n<div style=\"height:1px\" aria-hidden=\"true\" class=\"wp-block-spacer\"><\/div>\n<\/div><\/div>\n\n\n\n<div class=\"wp-block-uagb-image alignright uagb-block-52cf8a34 wp-block-uagb-image--layout-default wp-block-uagb-image--effect-static wp-block-uagb-image--align-right\"><figure class=\"wp-block-uagb-image__figure\"><img decoding=\"async\" src=\"https:\/\/integration.ow.ch\/wp-content\/uploads\/2021\/11\/csm_F5-3_6144204_olly_34fa11cacf.jpg\" alt=\"\" width=\"300\" height=\"203\" title=\"\" loading=\"lazy\" role=\"img\" \/><\/figure><\/div>\n\n\n\n<p>In der Schweiz existiert eine grosse Palette von Angeboten, die  Eltern, Familien und Kindern Unterst\u00fctzung anbieten. Hier finden Sie eine \u00dcbersicht von Angeboten f\u00fcr Eltern von S\u00e4uglingen und Kleinkindern: <\/p>\n\n\n\n<ul class=\"wp-block-list\">\n<li><em><a href=\"https:\/\/www.spitexow.ch\/Dienstleistungen\/Muetter-und-Vaeterberatung\/PW7uF\/\" target=\"_blank\" rel=\"noreferrer noopener\"><strong>M\u00fctter- und V\u00e4terberatungsstelle<\/strong><\/a><\/em>: Diese Stelle kann bei Fragen und Anliegen rund um S\u00e4uglinge und Kleinkindern helfen. <br>Kontakt: Tel.: <a href=\"tel:0416629099\">041 662 90 99<\/a><\/li>\n\n\n\n<li><a href=\"http:\/\/www.elternnotruf.ch\/\" target=\"_blank\" rel=\"noreferrer noopener\"><em><strong>Chiamata di emergenza dei genitori<\/strong><\/em>&nbsp;<\/a>: Dieser Dienst leistet auf Wunsch anonyme Hilfe und Beratung zu jeder Tages- und Nachtzeit (24 Stunden).&nbsp;<br>Kontakt: E-Mail: <a href=\"mailto:24h@elternnotruf.ch\"><em>24h@elternnotruf.ch<\/em><\/a>, Tel.: <a href=\"tel:0848354555\">0848 35 45 55<\/a><\/li>\n\n\n\n<li><a href=\"https:\/\/www.projuventute.ch\/de\"><strong><em>Pro Juventute<\/em><\/strong><\/a>: Diese Organisation vermittelt sozialp\u00e4dagogische Familienbegleitung und kinderfreundliche Ferien f\u00fcr Alleinerziehende und Familien mit kleinem Budget. Zudem haben sie die <strong><em><a href=\"https:\/\/www.projuventute.ch\/de\/eltern\/entwicklung-gesundheit\/elternbriefe?gclid=EAIaIQobChMIvJKZt6f7-gIVkvl3Ch2YqgSzEAAYASAAEgK6L_D_BwE\">&#171;Pro-Juventute-Elternbriefe&#187;<\/a><\/em><\/strong> mit einfachen Erkl\u00e4rungen und Tipps.<br>Kontakt: E-Mail: <em><a href=\"mailto:info.zentralschweiz@projuventute.ch\">info.zentralschweiz@projuventute.ch<\/a><\/em>, Tel.: <a href=\"tel:0416609070\">041 660 90 70<\/a><\/li>\n\n\n\n<li><em><a href=\"https:\/\/www.ow.ch\/dienstleistungen\/4918\"><strong>In viaggio<\/strong><\/a>: <\/em>Dieses Fr\u00fchf\u00f6rderungsprogramm ist f\u00fcr Eltern mit Kindern im Vorschulalter (ab 15 Monate bis ca. 3.5 Jahre). Das Ziel ist dabei, dass alle Kinder faire Bildungschancen erhalten. <br>Kontakt: Fachstelle Gesellschaftsfragen, Sandra Frei, <em><a href=\"https:\/\/www.ow.ch\/kontakt\/person\/33262\">Modulo di contatto<\/a><\/em>, Tel.: <a href=\"tel:0416666152\">041 666 61 52<\/a><\/li>\n\n\n\n<li><strong><em><a href=\"https:\/\/www.ruetimattli.ch\/kinder-jugendliche\/heilpaedagogische-frueherziehung\/\">Educazione precoce dei R\u00fctimattli<\/a> <\/em><\/strong>: Sie bietet Unterst\u00fctzung von Eltern in der Erziehung und F\u00f6rderung ihres behinderten Kleinkindes im Vorschulalter an.<br>Kontakt: E-Mail: <a href=\"mailto:frueherziehung.ow@ruetimattli.ch\"><em>frueherziehung.ow@ruetimattli.ch<\/em><\/a>, Tel.: <a href=\"tel:0416665808\">041 666 58 08<\/a><\/li>\n\n\n\n<li><strong><em><a href=\"https:\/\/www.sarnen.ch\/organisationen\/1523\">Stillberatung<\/a><\/em>:<\/strong> In Sachseln bietet Hanny Santini-Amgarten Stillberatungen an.<br>Kontakt: Tel.: <a href=\"tel:0416606446\">041 660 64 46<\/a><\/li>\n<\/ul>\n\n\n\n<p><\/p>\n\t\t\t<\/div>\n\t\t<\/div>\n\t\t\t\t<div id=\"qaef-393\" class=\"qe-faq-toggle familie-kinder\">\n\t\t\t<div class=\"qe-toggle-title\">\n\t\t\t\t<h4>\n\t\t\t\t\t<i class=\"fa fa-minus-circle\"><\/i> 04. Wo erhalte ich Hilfe als Eltern von Schulkindern und Jugendlichen?\t\t\t\t<\/h4>\n\t\t\t<\/div>\n\t\t\t<div class=\"qe-toggle-content\">\n\t\t\t\t\n<div class=\"inherit-container-width wp-block-group is-layout-constrained wp-block-group-is-layout-constrained\"><div class=\"wp-block-group__inner-container\">\n<figure class=\"wp-block-image alignright size-full is-resized\"><img decoding=\"async\" loading=\"lazy\" width=\"300\" height=\"203\" src=\"https:\/\/integration.ow.ch\/wp-content\/uploads\/2021\/11\/csm_F7-1_21878048_Tatyana_Gladskih_7941a4fa9c.jpg\" alt=\"\" class=\"wp-image-394\" style=\"width:300px;height:203px\" \/><\/figure>\n\n\n\n<p class=\"has-text-align-left\">Hier finden Sie eine \u00dcbersicht \u00fcber verschiedene Angebote f\u00fcr Eltern von Kindern und Jugendlichen. H\u00e4ufig sind diese Beratungen kostenlos. <\/p>\n\n\n\n<ul class=\"wp-block-list\">\n<li>La\u00a0<strong>Schulsozialarbeiter\/-innen <\/strong>und der <strong><em><a href=\"https:\/\/www.ow.ch\/fachbereiche\/1708\">schulpsychologische Dienst\u00a0Obwalden<\/a><\/em><\/strong> sono responsabili delle scuole, degli alunni, dei giovani e delle loro famiglie. Forniscono consulenza su difficolt\u00e0 di apprendimento, problemi comportamentali o di carriera scolastica e raccomandano misure di sostegno.<br>Kontakt: E-Mail:<strong> <\/strong><a href=\"http:\/\/integration-obwalden.ch\/familie-kinder\/erziehung\/\"><em>spd@ow.ch<\/em><\/a>, Tel.: <a href=\"tel:0416666255\">041 666 62 55<\/a><\/li>\n\n\n\n<li><a href=\"https:\/\/www.ow.ch\/fachbereiche\/2093\"><strong><em>Il Servizio di consulenza per giovani e genitori di Sarnen<\/em><\/strong><\/a> kann Ihnen in Problemsituationen weiterhelfen. Bei Bedarf k\u00f6nnen interkulturell \u00dcbersetzende oder Kulturvermittelnde beigezogen werden.<br>Kontakt: E-Mail: <em><a href=\"mailto:jugendberatung@ow.ch\">jugendberatung<em>@<\/em>ow.ch<\/a><\/em>, Tel.: <a href=\"tel:0416666256\">041 666 62 56<\/a><\/li>\n\n\n\n<li>Beim <a href=\"http:\/\/www.elternnotruf.ch\/\"><em><strong>Chiamata di emergenza dei genitori<\/strong><\/em><\/a> troverete l'aiuto di professionisti 24 ore al giorno.<\/li>\n<\/ul>\n<\/div><\/div>\n\t\t\t<\/div>\n\t\t<\/div>\n\t\t\t\t<div id=\"qaef-427\" class=\"qe-faq-toggle familie-kinder\">\n\t\t\t<div class=\"qe-toggle-title\">\n\t\t\t\t<h4>\n\t\t\t\t\t<i class=\"fa fa-minus-circle\"><\/i> 05. Wo kann ich andere M\u00fctter mit kleinen Kindern treffen?\t\t\t\t<\/h4>\n\t\t\t<\/div>\n\t\t\t<div class=\"qe-toggle-content\">\n\t\t\t\t\n<div class=\"inherit-container-width wp-block-group is-layout-constrained wp-block-group-is-layout-constrained\"><div class=\"wp-block-group__inner-container\">\n<figure class=\"wp-block-image alignright size-full is-resized\"><img decoding=\"async\" loading=\"lazy\" width=\"300\" height=\"203\" src=\"https:\/\/integration.ow.ch\/wp-content\/uploads\/2021\/11\/csm_F3-3_2680438_nyul_9b52630e37.jpg\" alt=\"\" class=\"wp-image-428\" \/><\/figure>\n\n\n\n<p>Gute M\u00f6glichkeiten, andere Eltern und ihre Kinder zu treffen, ergeben sich zum Beispiel auf Spielpl\u00e4tzen. Davon gibt es viele verschiedene im ganzen Kanton. Der <strong><em><a href=\"https:\/\/www.obwalden-tourismus.ch\/de\/bewegungs-und-begegnungsfuehrer\/\">Bewegungs- und Begegnungsf\u00fchrer<\/a><\/em><\/strong> des Kantons Obwalden gibt einen guten \u00dcberblick.<\/p>\n\n\n\n<p>Zus\u00e4tzlich gibt es den <strong><em><a href=\"https:\/\/www.sarnen.ch\/vereinsliste\/25545\">multikulturellen Frauentreff &#171;Offene T\u00fcr&#187;<\/a><\/em><\/strong>. Dieser bietet Frauen mit Kindern die M\u00f6glichkeit, \u00fcber verschiedene Themen zu diskutieren und einander kennen zu lernen.<\/p>\n<\/div><\/div>\n\n\n\n<p>Weitere Informationen zu Freizeitaktivit\u00e4ten mit Kleinkindern finden Sie <strong><em><a href=\"https:\/\/integration.ow.ch\/it\/freizeit\/kleinkinder\/\">qui<\/a><\/em><\/strong> in verschiedenen Sprachen. <\/p>\n\n\n\n<p><\/p>\n\t\t\t<\/div>\n\t\t<\/div>\n\t\t\t\t<div id=\"qaef-429\" class=\"qe-faq-toggle familie-kinder\">\n\t\t\t<div class=\"qe-toggle-title\">\n\t\t\t\t<h4>\n\t\t\t\t\t<i class=\"fa fa-minus-circle\"><\/i> 06. Wo finde ich g\u00fcnstige Kleider und Spielsachen f\u00fcr mein Kind?\t\t\t\t<\/h4>\n\t\t\t<\/div>\n\t\t\t<div class=\"qe-toggle-content\">\n\t\t\t\t\n<p>Es gibt verschiedene Orte, wo Sie Kleider und Spielsachen kaufen oder ausleihen k\u00f6nnen. Hier eine Auflistung: <\/p>\n\n\n\n<ul class=\"wp-block-list\">\n<li> <strong>Fiere dell'abbigliamento<\/strong>, <strong>Scambi di giocattoli<\/strong> und Flohm\u00e4rkte<\/li>\n\n\n\n<li><strong><em><a href=\"https:\/\/www.brockisearch.ch\/brockenhaeuser\/obwalden\/\">Brockenh\u00e4user<\/a><\/em><\/strong><\/li>\n\n\n\n<li><a href=\"https:\/\/ludo.ch\/de\/ludothek\/standorte\/\"><strong><em>Ludoteche<\/em><\/strong><\/a>: Bilderb\u00fccher und Spiele ausleihen <\/li>\n\n\n\n<li><a href=\"https:\/\/www.bibliothek.ownw.ch\/VerbundOWNW\/#Start1\"><strong><em>Biblioteche<\/em><\/strong><\/a>: B\u00fccher ausleihen <\/li>\n\n\n\n<li><strong>Flohm\u00e4rkte<\/strong> vestiti e giocattoli di seconda mano possono essere acquistati a un prezzo ragionevole. <\/li>\n<\/ul>\n\n\n\n<p><\/p>\n\t\t\t<\/div>\n\t\t<\/div>\n\t\t            <\/div>\n\t\t<\/div>\n\n\n\n<p><\/p>","protected":false},"excerpt":{"rendered":"<p>Familie \/ Kinder Fragen:<\/p>","protected":false},"author":1,"featured_media":389,"parent":0,"menu_order":11,"comment_status":"closed","ping_status":"closed","template":"","meta":{"_uag_custom_page_level_css":"","site-sidebar-layout":"","site-content-layout":"","ast-site-content-layout":"default","site-content-style":"default","site-sidebar-style":"default","ast-global-header-display":"","ast-banner-title-visibility":"","ast-main-header-display":"","ast-hfb-above-header-display":"","ast-hfb-below-header-display":"","ast-hfb-mobile-header-display":"","site-post-title":"","ast-breadcrumbs-content":"","ast-featured-img":"disabled","footer-sml-layout":"","ast-disable-related-posts":"","theme-transparent-header-meta":"","adv-header-id-meta":"","stick-header-meta":"","header-above-stick-meta":"","header-main-stick-meta":"","header-below-stick-meta":"","astra-migrate-meta-layouts":"set","ast-page-background-enabled":"default","ast-page-background-meta":{"desktop":{"background-color":"","background-image":"","background-repeat":"repeat","background-position":"center center","background-size":"auto","background-attachment":"scroll","background-type":"","background-media":"","overlay-type":"","overlay-color":"","overlay-opacity":"","overlay-gradient":""},"tablet":{"background-color":"","background-image":"","background-repeat":"repeat","background-position":"center center","background-size":"auto","background-attachment":"scroll","background-type":"","background-media":"","overlay-type":"","overlay-color":"","overlay-opacity":"","overlay-gradient":""},"mobile":{"background-color":"","background-image":"","background-repeat":"repeat","background-position":"center center","background-size":"auto","background-attachment":"scroll","background-type":"","background-media":"","overlay-type":"","overlay-color":"","overlay-opacity":"","overlay-gradient":""}},"ast-content-background-meta":{"desktop":{"background-color":"var(--ast-global-color-5)","background-image":"","background-repeat":"repeat","background-position":"center center","background-size":"auto","background-attachment":"scroll","background-type":"","background-media":"","overlay-type":"","overlay-color":"","overlay-opacity":"","overlay-gradient":""},"tablet":{"background-color":"var(--ast-global-color-5)","background-image":"","background-repeat":"repeat","background-position":"center center","background-size":"auto","background-attachment":"scroll","background-type":"","background-media":"","overlay-type":"","overlay-color":"","overlay-opacity":"","overlay-gradient":""},"mobile":{"background-color":"var(--ast-global-color-5)","background-image":"","background-repeat":"repeat","background-position":"center center","background-size":"auto","background-attachment":"scroll","background-type":"","background-media":"","overlay-type":"","overlay-color":"","overlay-opacity":"","overlay-gradient":""}},"footnotes":""},"class_list":["post-388","page","type-page","status-publish","has-post-thumbnail","hentry"],"uagb_featured_image_src":{"full":["https:\/\/integration.ow.ch\/wp-content\/uploads\/2021\/11\/A1-1_18994592_MonartDesign.jpg",500,338,false],"thumbnail":["https:\/\/integration.ow.ch\/wp-content\/uploads\/2021\/11\/A1-1_18994592_MonartDesign-150x150.jpg",150,150,true],"medium":["https:\/\/integration.ow.ch\/wp-content\/uploads\/2021\/11\/A1-1_18994592_MonartDesign-300x203.jpg",300,203,true],"medium_large":["https:\/\/integration.ow.ch\/wp-content\/uploads\/2021\/11\/A1-1_18994592_MonartDesign.jpg",500,338,false],"large":["https:\/\/integration.ow.ch\/wp-content\/uploads\/2021\/11\/A1-1_18994592_MonartDesign.jpg",500,338,false],"1536x1536":["https:\/\/integration.ow.ch\/wp-content\/uploads\/2021\/11\/A1-1_18994592_MonartDesign.jpg",500,338,false],"2048x2048":["https:\/\/integration.ow.ch\/wp-content\/uploads\/2021\/11\/A1-1_18994592_MonartDesign.jpg",500,338,false],"trp-custom-language-flag":["https:\/\/integration.ow.ch\/wp-content\/uploads\/2021\/11\/A1-1_18994592_MonartDesign.jpg",18,12,false]},"uagb_author_info":{"display_name":"admin","author_link":"https:\/\/integration.ow.ch\/it\/author\/inow-wpadmin\/"},"uagb_comment_info":0,"uagb_excerpt":"Familie \/ Kinder Fragen:","_links":{"self":[{"href":"https:\/\/integration.ow.ch\/it\/wp-json\/wp\/v2\/pages\/388","targetHints":{"allow":["GET"]}}],"collection":[{"href":"https:\/\/integration.ow.ch\/it\/wp-json\/wp\/v2\/pages"}],"about":[{"href":"https:\/\/integration.ow.ch\/it\/wp-json\/wp\/v2\/types\/page"}],"author":[{"embeddable":true,"href":"https:\/\/integration.ow.ch\/it\/wp-json\/wp\/v2\/users\/1"}],"replies":[{"embeddable":true,"href":"https:\/\/integration.ow.ch\/it\/wp-json\/wp\/v2\/comments?post=388"}],"version-history":[{"count":2,"href":"https:\/\/integration.ow.ch\/it\/wp-json\/wp\/v2\/pages\/388\/revisions"}],"predecessor-version":[{"id":2161,"href":"https:\/\/integration.ow.ch\/it\/wp-json\/wp\/v2\/pages\/388\/revisions\/2161"}],"wp:featuredmedia":[{"embeddable":true,"href":"https:\/\/integration.ow.ch\/it\/wp-json\/wp\/v2\/media\/389"}],"wp:attachment":[{"href":"https:\/\/integration.ow.ch\/it\/wp-json\/wp\/v2\/media?parent=388"}],"curies":[{"name":"wp","href":"https:\/\/api.w.org\/{rel}","templated":true}]}}