{"id":293,"date":"2021-11-02T00:30:45","date_gmt":"2021-11-02T00:30:45","guid":{"rendered":"https:\/\/integration.ow.ch\/?page_id=293"},"modified":"2025-08-11T13:43:45","modified_gmt":"2025-08-11T11:43:45","slug":"schule","status":"publish","type":"page","link":"https:\/\/integration.ow.ch\/it\/schule\/","title":{"rendered":"Scuola"},"content":{"rendered":"<h1 class=\"wp-block-heading\">Scuola<\/h1>\n\n\n\n<h2 class=\"wp-block-heading\">Generale <\/h2>\n\n\n\n<h3 class=\"wp-block-heading\">Domande:<\/h3>\n\n\n\n<div class=\"wp-block-quick-and-easy-faqs-faqs-accordion-orderby-title-asc\">            <div class=\"qae-faqs-container qae-faqs-toggle-container\">\n\t\t\t\t\t\t\t<ul class=\"qe-faqs-filters-container\">\n\t\t\t\t<li class=\"active\"><a class=\"qe-faqs-filter all-faqs\" href=\"#\" data-filter=\"*\">Tutti<\/a><\/li>\n\t\t\t\t<li><a class=\"qe-faqs-filter\" href=\"#Schule\" data-filter=\".Schule\">Scuola<\/a><\/li>\t\t\t<\/ul>\n\t\t\t\t\t<div id=\"qaef-433\" class=\"qe-faq-toggle schule\">\n\t\t\t<div class=\"qe-toggle-title\">\n\t\t\t\t<h4>\n\t\t\t\t\t<i class=\"fa fa-minus-circle\"><\/i> 01. Come \u00e8 strutturata la scuola in Svizzera?\t\t\t\t<\/h4>\n\t\t\t<\/div>\n\t\t\t<div class=\"qe-toggle-content\">\n\t\t\t\t\n<div class=\"inherit-container-width wp-block-group is-layout-constrained wp-block-group-is-layout-constrained\"><div class=\"wp-block-group__inner-container\">\n<figure class=\"wp-block-image alignright size-full is-resized\"><img decoding=\"async\" loading=\"lazy\" width=\"300\" height=\"203\" src=\"https:\/\/integration.ow.ch\/wp-content\/uploads\/2021\/11\/csm_F1-1_23442404_eyezoom1001_79835dc2b5.jpg\" alt=\"\" class=\"wp-image-434\" style=\"width:300px;height:203px\" \/><\/figure>\n\n\n\n<p class=\"wp-block-paragraph\">La scuola pubblica si chiama\u00a0<strong>Scuola primaria<\/strong>\u00a0und ist kostenlos. Es steht den Eltern frei, eine private Schule f\u00fcr ihre Kinder zu w\u00e4hlen. Private Schulen sind kostenpflichtig. In der Schweiz sind die Kantone zust\u00e4ndig f\u00fcr die Volksschule. Die Schulsysteme der Kantone k\u00f6nnen sich zum Teil stark unterscheiden. Die Kinder werden typischerweise mit 4 Jahren in der Primarschule eingeschult.<br>Per una panoramica del sistema educativo (in dodici lingue), vedere\u00a0<a href=\"https:\/\/www.eda.admin.ch\/aboutswitzerland\/de\/home\/bildung-wissenschaft\/bildung.html\" target=\"_blank\" rel=\"noreferrer noopener\"><em><strong>qui<\/strong><\/em><\/a>.<\/p>\n\n\n\n<p class=\"wp-block-paragraph\">Hier eine \u00dcbersicht \u00fcber den typischen Schulbildungsweg im Kanton Obwalden: <br><strong>Volontario<\/strong><\/p>\n\n\n\n<ul class=\"wp-block-list\">\n<li>Gruppo di gioco<\/li>\n\n\n\n<li>1. scuola materna<\/li>\n<\/ul>\n\n\n\n<p class=\"wp-block-paragraph\"><strong>Obbligatorio<\/strong> (Durata: 9 anni)<\/p>\n\n\n\n<ul class=\"wp-block-list\">\n<li>2. scuola materna (durata: 1 anno)<\/li>\n\n\n\n<li>Primarschule (Dauer: 6 Jahre): Umfasst die 1. bis 6. Klasse <\/li>\n\n\n\n<li>Sekundarstufe I (Dauer: 3 Jahre): Umfasst die 7. bis 9. Klasse <\/li>\n<\/ul>\n<\/div><\/div>\n\n\n\n<p class=\"wp-block-paragraph\">Nach der obligatorischen Schulzeit machen viele Sch\u00fclerinnen und Sch\u00fcler eine Lehre oder gehen weiter ins Gymnasium. <\/p>\n\t\t\t<\/div>\n\t\t<\/div>\n\t\t\t\t<div id=\"qaef-2175\" class=\"qe-faq-toggle schule\">\n\t\t\t<div class=\"qe-toggle-title\">\n\t\t\t\t<h4>\n\t\t\t\t\t<i class=\"fa fa-minus-circle\"><\/i> 02: Wann hat mein Kind Schule?\t\t\t\t<\/h4>\n\t\t\t<\/div>\n\t\t\t<div class=\"qe-toggle-content\">\n\t\t\t\t\n<p class=\"wp-block-paragraph\">In der Schweiz findet die Schule in Blockzeiten, also am Morgen und teilweise am Nachmittag, statt. Der Stundenplan gibt Auskunft dar\u00fcber, wann Ihr Kind genau Schule hat. Grunds\u00e4tzlich z\u00e4hlen auch Klassenlager und Schulreisen zu obligatorischen Schulveranstaltungen und somit zur Schulzeit. An einem normalen Schultag gehen viele Sch\u00fclerinnen und Sch\u00fcler \u00fcber den Mittag nach Hause. Falls Sie f\u00fcr diese Zeit eine Betreuung ben\u00f6tigen, k\u00f6nnen Sie sich <a href=\"https:\/\/integration.ow.ch\/it\/schule\/unterstuetzung\/\"><em><strong>qui<\/strong><\/em><\/a> erkundigen.<\/p>\n\n\n\n<p class=\"wp-block-paragraph\">Die Kinder haben am Wochenende keine Schule und haben zus\u00e4tzlich einige Wochen im Jahr frei. Jede Schule hat einen Ferienplan, auf dem die genauen Daten drauf stehen, wann Ihr Kind keinen Unterricht hat. Fragen Sie daf\u00fcr direkt bei Ihrer Schule nach. <\/p>\n\n\n\n<p class=\"wp-block-paragraph\">Zus\u00e4tzlich gibt es in vielen Schulen die M\u00f6glichkeit, dass Eltern f\u00fcr Ihre Kinder einen &#171;Jokertag&#187; nehmen und sie so an diesem Tag nicht in die Schule m\u00fcssen. Melden Sie sich daf\u00fcr fr\u00fchzeitig bei der Klassenlehrperson Ihres Kindes. <\/p>\n\n\n\n<p class=\"wp-block-paragraph\"><\/p>\n\t\t\t<\/div>\n\t\t<\/div>\n\t\t\t\t<div id=\"qaef-437\" class=\"qe-faq-toggle schule\">\n\t\t\t<div class=\"qe-toggle-title\">\n\t\t\t\t<h4>\n\t\t\t\t\t<i class=\"fa fa-minus-circle\"><\/i> 03. Was genau ist der Kindergarten?\t\t\t\t<\/h4>\n\t\t\t<\/div>\n\t\t\t<div class=\"qe-toggle-content\">\n\t\t\t\t\n<div class=\"inherit-container-width wp-block-group is-layout-constrained wp-block-group-is-layout-constrained\"><div class=\"wp-block-group__inner-container\">\n<figure class=\"wp-block-image alignright size-full is-resized\"><img decoding=\"async\" loading=\"lazy\" width=\"300\" height=\"203\" src=\"https:\/\/integration.ow.ch\/wp-content\/uploads\/2021\/11\/csm_F3-1_17000780_MonkeyBusiness_9acd96c933.jpg\" alt=\"\" class=\"wp-image-438\" style=\"width:300px;height:203px\" \/><\/figure>\n\n\n\n<p class=\"wp-block-paragraph\">L'asilo \u00e8 un\u00a0<strong>Fase preliminare alla scuola.\u00a0<\/strong>Im Kindergarten werden wichtige F\u00e4higkeiten ge\u00fcbt, die sie in der Schule und im sp\u00e4teren Leben gut gebrauchen k\u00f6nnen. <br><br>Wenn Kinder spielen, lernen sie gleichzeitig. Im Spiel k\u00f6nnen sich viele Kinder \u00fcber eine l\u00e4ngere Zeit in eine Aufgabe oder eine Rolle vertiefen, eine hohe Konzentration aufrechterhalten und Neues erleben. Darum wird im Kindergarten viel gemalt, gesungen, gespielt und getanzt. Die Kinder spielen alleine oder mit anderen Kindern, manchmal auch nach Anleitung der Kindergartenlehrperson.<\/p>\n<\/div><\/div>\n\n\n\n<p class=\"wp-block-paragraph\"><\/p>\n\t\t\t<\/div>\n\t\t<\/div>\n\t\t\t\t<div id=\"qaef-442\" class=\"qe-faq-toggle schule\">\n\t\t\t<div class=\"qe-toggle-title\">\n\t\t\t\t<h4>\n\t\t\t\t\t<i class=\"fa fa-minus-circle\"><\/i> 04. Wie funktioniert die Sekundarstufe I?\t\t\t\t<\/h4>\n\t\t\t<\/div>\n\t\t\t<div class=\"qe-toggle-content\">\n\t\t\t\t\n<div class=\"inherit-container-width wp-block-group is-layout-constrained wp-block-group-is-layout-constrained\"><div class=\"wp-block-group__inner-container\">\n<figure class=\"wp-block-image alignright size-full is-resized\"><img decoding=\"async\" loading=\"lazy\" width=\"300\" height=\"203\" src=\"https:\/\/integration.ow.ch\/wp-content\/uploads\/2021\/11\/csm_F7-1_28634951_MoritzWussow_83380abfa9.jpg\" alt=\"\" class=\"wp-image-443\" style=\"width:300px;height:203px\" \/><\/figure>\n\n\n\n<p class=\"wp-block-paragraph\">Es gibt <strong>zwei Arten der Sekundarstufe I:<\/strong><\/p>\n\n\n\n<ul class=\"wp-block-list\">\n<li><strong>Livello di orientamento (IOS)<\/strong>Alpnach, Engelberg, Giswil, Kerns, Lungern, Sachseln, Sarnen<\/li>\n\n\n\n<li><strong>Scuola cantonale: <\/strong>Sarnen<\/li>\n<\/ul>\n\n\n\n<p class=\"wp-block-paragraph\">Die Lehrperson empfiehlt Ihrem Kind nach der 6. Primarstufe die Schulart, der am besten zu ihm \/ ihr passt. Dabei wird sowohl auf die Noten wie auch auf die Selbst- und Sozialkompetenz des Kindes geachtet. Wenn Sie und Ihr Kind mit dem Vorschlag nicht einverstanden sind, k\u00f6nnen Sie dies der Lehrperson mitteilen. <\/p>\n\n\n\n<p class=\"wp-block-paragraph\">Potete trovare maggiori informazioni sulla procedura di trasferimento <a href=\"https:\/\/www.ow.ch\/publikationen\/9437\"><strong><em>qui<\/em><\/strong><\/a>.<\/p>\n<\/div><\/div>\n\n\n\n<p class=\"wp-block-paragraph\"><\/p>\n\t\t\t<\/div>\n\t\t<\/div>\n\t\t\t\t<div id=\"qaef-484\" class=\"qe-faq-toggle schule\">\n\t\t\t<div class=\"qe-toggle-title\">\n\t\t\t\t<h4>\n\t\t\t\t\t<i class=\"fa fa-minus-circle\"><\/i> 05. Was ist eine Mittelschule?\t\t\t\t<\/h4>\n\t\t\t<\/div>\n\t\t\t<div class=\"qe-toggle-content\">\n\t\t\t\t\n<div class=\"inherit-container-width wp-block-group is-layout-constrained wp-block-group-is-layout-constrained\"><div class=\"wp-block-group__inner-container\">\n<figure class=\"wp-block-image alignright size-full is-resized\"><img decoding=\"async\" loading=\"lazy\" width=\"300\" height=\"203\" src=\"https:\/\/integration.ow.ch\/wp-content\/uploads\/2021\/11\/csm_F2-1_M_28790208_lightpoet_66068cdc1e-1.jpg\" alt=\"\" class=\"wp-image-485\" style=\"width:300px;height:203px\" \/><\/figure>\n\n\n\n<p class=\"wp-block-paragraph\">In Svizzera i primi nove anni di scuola sono obbligatori per tutti i bambini. Il <strong>Scuole secondarie dopo l'istruzione obbligatoria<\/strong> nennt man Mittelschulen. Um eine Mittelschule besuchen zu k\u00f6nnen, sind gute Schulnoten Voraussetzung. Teilweise muss auch eine Aufnahmepr\u00fcfung abgelegt werden. Ein solcher Abschluss ben\u00f6tigt man sp\u00e4ter, um sp\u00e4ter an einer Universit\u00e4t oder Hochschule zu studieren.<\/p>\n\n\n\n<p class=\"wp-block-paragraph\">Hier eine \u00dcbersicht \u00fcber die verschiedenen Mittelschulen und die dazugeh\u00f6rigen Abschl\u00fcsse: <\/p>\n\n\n\n<ul class=\"wp-block-list\">\n<li><a href=\"http:\/\/www.ksobwalden.ch\/\"><strong><em>Scuola cantonale di Sarnen<\/em><\/strong><\/a>: eidgen\u00f6ssische Matura<\/li>\n\n\n\n<li><strong><em><a href=\"https:\/\/beruf.lu.ch\/Berufslehre\/Berufslehre_im_Betrieb\/Berufsfachschule\/berufsbildungszentren\/fmz\/fmz_ausbildung\/fmz_ba_wirtschaftsmittelschule\">Wirtschaftsmittelschule (in Luzern)<\/a><\/em><\/strong>: eidgen\u00f6ssische Berufsmatura <\/li>\n\n\n\n<li><strong><em><a href=\"https:\/\/beruf.lu.ch\/Berufslehre\/Berufslehre_im_Betrieb\/Berufsfachschule\/berufsbildungszentren\/fmz\/fmz_ausbildung\/fmz_ba_fachmittelschule\">Fachmittelschule (in Luzern)<\/a><\/em><\/strong>: eidgen\u00f6ssische Fachmatura<\/li>\n\n\n\n<li><strong><em><a href=\"https:\/\/beruf.lu.ch\/Berufslehre\/Berufslehre_im_Betrieb\/Berufsfachschule\/berufsbildungszentren\/fmz\/fmz_ausbildung\/fmz_gms\">Gesundheitsmittelschule (in Luzern)<\/a><\/em><\/strong>: Berufsmatura abgeschlossen. <\/li>\n<\/ul>\n\n\n\n<p class=\"wp-block-paragraph\">Weitere Informationen \u00fcber die verschiedenen Typen von Mittelschulen finden Sie&nbsp;<em><strong><a href=\"https:\/\/www.berufsberatung.ch\/dyn\/show\/3401\" target=\"_blank\" rel=\"noreferrer noopener\">qui<\/a><\/strong><\/em>.<\/p>\n\n\n\n<p class=\"wp-block-paragraph\"><strong><em><a href=\"https:\/\/integration.ow.ch\/it\/schule\/mittelschule\/\">Qui<\/a><\/em><\/strong> finden Sie Audios mit Kurzinformationen zu Mittelschulen in Ihrer Sprache. <\/p>\n<\/div><\/div>\n\n\n\n<p class=\"wp-block-paragraph\"><\/p>\n\t\t\t<\/div>\n\t\t<\/div>\n\t\t\t\t<div id=\"qaef-2188\" class=\"qe-faq-toggle schule\">\n\t\t\t<div class=\"qe-toggle-title\">\n\t\t\t\t<h4>\n\t\t\t\t\t<i class=\"fa fa-minus-circle\"><\/i> 06. Was ist eine Hochschule?\t\t\t\t<\/h4>\n\t\t\t<\/div>\n\t\t\t<div class=\"qe-toggle-content\">\n\t\t\t\t\n<p class=\"wp-block-paragraph\">Der Begriff Hochschulen fasst alle Universit\u00e4ten, Fachhochschulen und Eidgen\u00f6ssischen Technischen Hochschulen zusammen. Diese kann nach der Mittelschule besucht werden. Daf\u00fcr m\u00fcssen die Sch\u00fclerinnen und Sch\u00fcler eine von diesen Bedingungen erf\u00fcllt haben: <\/p>\n\n\n\n<ul class=\"wp-block-list\">\n<li>Gymnasiale Maturit\u00e4t (Fachhochschule und Universit\u00e4t) <\/li>\n\n\n\n<li>Eidgen\u00f6ssische Berufsmatura (Fachhochschule) <\/li>\n\n\n\n<li>Eidgen\u00f6ssische Berufsmatura und <strong><em><a href=\"https:\/\/mse.lu.ch\/Ausbildung\/passerelle\">Passarelle<\/a><\/em><\/strong> (Fachhochschule und Universit\u00e4t) <\/li>\n<\/ul>\n\n\n\n<p class=\"wp-block-paragraph\">Una panoramica delle universit\u00e0, dei politecnici federali e delle scuole universitarie professionali \u00e8 disponibile all'indirizzo&nbsp;<a href=\"http:\/\/www.switch.ch\/de\/edu\/educ_orgs.html\"><strong><em>qui<\/em><\/strong><\/a>.&nbsp;<\/p>\n\t\t\t<\/div>\n\t\t<\/div>\n\t\t\t\t<div id=\"qaef-439\" class=\"qe-faq-toggle schule\">\n\t\t\t<div class=\"qe-toggle-title\">\n\t\t\t\t<h4>\n\t\t\t\t\t<i class=\"fa fa-minus-circle\"><\/i> 07. Welche Noten gibt es in der Schule?\t\t\t\t<\/h4>\n\t\t\t<\/div>\n\t\t\t<div class=\"qe-toggle-content\">\n\t\t\t\t\n<div class=\"inherit-container-width wp-block-group is-layout-constrained wp-block-group-is-layout-constrained\"><div class=\"wp-block-group__inner-container\">\n<figure class=\"wp-block-image alignleft size-full is-resized\"><img decoding=\"async\" loading=\"lazy\" width=\"500\" height=\"338\" src=\"https:\/\/integration.ow.ch\/wp-content\/uploads\/2021\/11\/F6-3_18234675_WissmannDesign.jpg\" alt=\"\" class=\"wp-image-440\" style=\"width:375px;height:254px\" srcset=\"https:\/\/integration.ow.ch\/wp-content\/uploads\/2021\/11\/F6-3_18234675_WissmannDesign.jpg 500w, https:\/\/integration.ow.ch\/wp-content\/uploads\/2021\/11\/F6-3_18234675_WissmannDesign-300x203.jpg 300w\" sizes=\"auto, (max-width: 500px) 100vw, 500px\" \/><\/figure>\n\n\n\n<p class=\"wp-block-paragraph\">La\u00a0<strong>Voti in pagella<\/strong>\u00a0vanno da 1 a 6. I voti significano:<br>1 = molto debole<br>2 = debole<br>3 = insufficiente<br>4 = sufficiente<br>5 = buono<br>6 = molto buono<br>Dalla prima alla terza elementare, al posto dei voti, la pagella comprende\u00a0<strong>Worte<\/strong> wie zum Beispiel sehr gut, gut, gen\u00fcgend oder ungen\u00fcgend.\u00a0Ab der 4. Klasse wird mit Noten von 1-6 beurteilt. <\/p>\n\n\n\n<div style=\"height:5px\" aria-hidden=\"true\" class=\"wp-block-spacer\"><\/div>\n\n\n\n<p class=\"wp-block-paragraph\">Il <strong>Zeugnis<\/strong> ist die Zusammenfassung aller Noten eines Kindes aus einem Semester. Es gibt Auskunft dar\u00fcber, ob das Kind die Lernziele erreicht hat. Die Eltern m\u00fcssen das Zeugnis unterschreiben und das Kind muss es wieder in die Schule zur\u00fcckbringen.<br><\/p>\n<\/div><\/div>\n\t\t\t<\/div>\n\t\t<\/div>\n\t\t            <\/div>\n\t\t<\/div>\n\n\n\n<p class=\"wp-block-paragraph\"><\/p>","protected":false},"excerpt":{"rendered":"<p>Schule Allgemeines Fragen:<\/p>","protected":false},"author":1,"featured_media":431,"parent":0,"menu_order":13,"comment_status":"closed","ping_status":"closed","template":"","meta":{"_uag_custom_page_level_css":"","site-sidebar-layout":"","site-content-layout":"","ast-site-content-layout":"default","site-content-style":"default","site-sidebar-style":"default","ast-global-header-display":"","ast-banner-title-visibility":"","ast-main-header-display":"","ast-hfb-above-header-display":"","ast-hfb-below-header-display":"","ast-hfb-mobile-header-display":"","site-post-title":"","ast-breadcrumbs-content":"","ast-featured-img":"disabled","footer-sml-layout":"","ast-disable-related-posts":"","theme-transparent-header-meta":"","adv-header-id-meta":"","stick-header-meta":"","header-above-stick-meta":"","header-main-stick-meta":"","header-below-stick-meta":"","astra-migrate-meta-layouts":"set","ast-page-background-enabled":"default","ast-page-background-meta":{"desktop":{"background-color":"","background-image":"","background-repeat":"repeat","background-position":"center center","background-size":"auto","background-attachment":"scroll","background-type":"","background-media":"","overlay-type":"","overlay-color":"","overlay-opacity":"","overlay-gradient":""},"tablet":{"background-color":"","background-image":"","background-repeat":"repeat","background-position":"center center","background-size":"auto","background-attachment":"scroll","background-type":"","background-media":"","overlay-type":"","overlay-color":"","overlay-opacity":"","overlay-gradient":""},"mobile":{"background-color":"","background-image":"","background-repeat":"repeat","background-position":"center center","background-size":"auto","background-attachment":"scroll","background-type":"","background-media":"","overlay-type":"","overlay-color":"","overlay-opacity":"","overlay-gradient":""}},"ast-content-background-meta":{"desktop":{"background-color":"var(--ast-global-color-5)","background-image":"","background-repeat":"repeat","background-position":"center center","background-size":"auto","background-attachment":"scroll","background-type":"","background-media":"","overlay-type":"","overlay-color":"","overlay-opacity":"","overlay-gradient":""},"tablet":{"background-color":"var(--ast-global-color-5)","background-image":"","background-repeat":"repeat","background-position":"center center","background-size":"auto","background-attachment":"scroll","background-type":"","background-media":"","overlay-type":"","overlay-color":"","overlay-opacity":"","overlay-gradient":""},"mobile":{"background-color":"var(--ast-global-color-5)","background-image":"","background-repeat":"repeat","background-position":"center center","background-size":"auto","background-attachment":"scroll","background-type":"","background-media":"","overlay-type":"","overlay-color":"","overlay-opacity":"","overlay-gradient":""}},"footnotes":""},"class_list":["post-293","page","type-page","status-publish","has-post-thumbnail","hentry"],"uagb_featured_image_src":{"full":["https:\/\/integration.ow.ch\/wp-content\/uploads\/2021\/11\/A1-1_Schule01_RogerWehrli.jpg",500,338,false],"thumbnail":["https:\/\/integration.ow.ch\/wp-content\/uploads\/2021\/11\/A1-1_Schule01_RogerWehrli-150x150.jpg",150,150,true],"medium":["https:\/\/integration.ow.ch\/wp-content\/uploads\/2021\/11\/A1-1_Schule01_RogerWehrli-300x203.jpg",300,203,true],"medium_large":["https:\/\/integration.ow.ch\/wp-content\/uploads\/2021\/11\/A1-1_Schule01_RogerWehrli.jpg",500,338,false],"large":["https:\/\/integration.ow.ch\/wp-content\/uploads\/2021\/11\/A1-1_Schule01_RogerWehrli.jpg",500,338,false],"1536x1536":["https:\/\/integration.ow.ch\/wp-content\/uploads\/2021\/11\/A1-1_Schule01_RogerWehrli.jpg",500,338,false],"2048x2048":["https:\/\/integration.ow.ch\/wp-content\/uploads\/2021\/11\/A1-1_Schule01_RogerWehrli.jpg",500,338,false],"trp-custom-language-flag":["https:\/\/integration.ow.ch\/wp-content\/uploads\/2021\/11\/A1-1_Schule01_RogerWehrli.jpg",18,12,false]},"uagb_author_info":{"display_name":"admin","author_link":"https:\/\/integration.ow.ch\/it\/author\/inow-wpadmin\/"},"uagb_comment_info":0,"uagb_excerpt":"Schule Allgemeines Fragen:","_links":{"self":[{"href":"https:\/\/integration.ow.ch\/it\/wp-json\/wp\/v2\/pages\/293","targetHints":{"allow":["GET"]}}],"collection":[{"href":"https:\/\/integration.ow.ch\/it\/wp-json\/wp\/v2\/pages"}],"about":[{"href":"https:\/\/integration.ow.ch\/it\/wp-json\/wp\/v2\/types\/page"}],"author":[{"embeddable":true,"href":"https:\/\/integration.ow.ch\/it\/wp-json\/wp\/v2\/users\/1"}],"replies":[{"embeddable":true,"href":"https:\/\/integration.ow.ch\/it\/wp-json\/wp\/v2\/comments?post=293"}],"version-history":[{"count":1,"href":"https:\/\/integration.ow.ch\/it\/wp-json\/wp\/v2\/pages\/293\/revisions"}],"predecessor-version":[{"id":2061,"href":"https:\/\/integration.ow.ch\/it\/wp-json\/wp\/v2\/pages\/293\/revisions\/2061"}],"wp:featuredmedia":[{"embeddable":true,"href":"https:\/\/integration.ow.ch\/it\/wp-json\/wp\/v2\/media\/431"}],"wp:attachment":[{"href":"https:\/\/integration.ow.ch\/it\/wp-json\/wp\/v2\/media?parent=293"}],"curies":[{"name":"wp","href":"https:\/\/api.w.org\/{rel}","templated":true}]}}