{"id":102,"date":"2021-11-02T00:01:56","date_gmt":"2021-11-02T00:01:56","guid":{"rendered":"https:\/\/integration.ow.ch\/?page_id=102"},"modified":"2025-10-09T10:58:29","modified_gmt":"2025-10-09T08:58:29","slug":"schweiz","status":"publish","type":"page","link":"https:\/\/integration.ow.ch\/fr\/schweiz\/","title":{"rendered":"Suisse"},"content":{"rendered":"<h1 class=\"wp-block-heading\">Suisse<\/h1>\n\n\n\n<h2 class=\"wp-block-heading\">G\u00e9n\u00e9ralit\u00e9s <\/h2>\n\n\n\n<h3 class=\"wp-block-heading\">questions :<\/h3>\n\n\n\n<div class=\"wp-block-quick-and-easy-faqs-faqs-accordion-orderby-title-asc\">            <div class=\"qae-faqs-container qae-faqs-toggle-container\">\n\t\t\t\t\t\t\t<ul class=\"qe-faqs-filters-container\">\n\t\t\t\t<li class=\"active\"><a class=\"qe-faqs-filter all-faqs\" href=\"#\" data-filter=\"*\">Tout<\/a><\/li>\n\t\t\t\t<li><a class=\"qe-faqs-filter\" href=\"#Schweiz Allgemeines\" data-filter=\".Schweiz Allgemeines\">Suisse G\u00e9n\u00e9ralit\u00e9s<\/a><\/li>\t\t\t<\/ul>\n\t\t\t\t\t<div id=\"qaef-2127\" class=\"qe-faq-toggle schweiz-allgemeines\">\n\t\t\t<div class=\"qe-toggle-title\">\n\t\t\t\t<h4>\n\t\t\t\t\t<i class=\"fa fa-minus-circle\"><\/i> 01 : Comment la Suisse est-elle structur\u00e9e et combien de personnes y vivent ?\t\t\t\t<\/h4>\n\t\t\t<\/div>\n\t\t\t<div class=\"qe-toggle-content\">\n\t\t\t\t\n<figure class=\"wp-block-image alignright size-full\"><img decoding=\"async\" loading=\"lazy\" width=\"300\" height=\"203\" src=\"https:\/\/integration.ow.ch\/wp-content\/uploads\/2025\/10\/image.png\" alt=\"\" class=\"wp-image-2130\" srcset=\"https:\/\/integration.ow.ch\/wp-content\/uploads\/2025\/10\/image.png 300w, https:\/\/integration.ow.ch\/wp-content\/uploads\/2025\/10\/image-18x12.png 18w\" sizes=\"auto, (max-width: 300px) 100vw, 300px\" \/><\/figure>\n\n\n\n<p>La Suisse est compos\u00e9e de <strong><em><a href=\"https:\/\/www.bfs.admin.ch\/asset\/de\/453856\">26 cantons<\/a><\/em><\/strong> et <strong><em><a href=\"https:\/\/www.bfs.admin.ch\/bfs\/de\/home\/statistiken\/kataloge-datenbanken.assetdetail.33807961.html\">2121 Gemeinden<\/a><\/em><\/strong>. Die Schweiz hat 5 Nachbarl\u00e4nder (Deutschland, Frankreich, Italien, \u00d6sterreich, F\u00fcrstentum Lichtenstein) und ist nicht Teil der EU. Mehr zum politischen System der Schweiz erfahren Sie <strong><em><a href=\"https:\/\/integration.ow.ch\/fr\/schweiz\/politik\/\">ici<\/a><\/em><\/strong>. <\/p>\n\n\n\n<p>Die Abk\u00fcrzung der Schweiz ist CH, was f\u00fcr Confederation Helvetica steht. <\/p>\n\n\n\n<p>Im Jahr 2024 lebten 9 Millionen Menschen in der Schweiz. Etwa 40% der st\u00e4ndigen Wohnbev\u00f6lkerung hat dabei einen Migrationshintergrund. Weitere Informationen zur Bev\u00f6lkerung in der Schweiz finden Sie <strong><em><a href=\"https:\/\/www.bfs.admin.ch\/bfs\/de\/home\/statistiken\/bevoelkerung.html\">ici<\/a><\/em><\/strong>. <\/p>\n\t\t\t<\/div>\n\t\t<\/div>\n\t\t\t\t<div id=\"qaef-2131\" class=\"qe-faq-toggle schweiz-allgemeines\">\n\t\t\t<div class=\"qe-toggle-title\">\n\t\t\t\t<h4>\n\t\t\t\t\t<i class=\"fa fa-minus-circle\"><\/i> 02. Mit welcher W\u00e4hrung zahlen die Menschen in der Schweiz?\t\t\t\t<\/h4>\n\t\t\t<\/div>\n\t\t\t<div class=\"qe-toggle-content\">\n\t\t\t\t\n<p>Die Landesw\u00e4hrung der Schweiz ist der Schweizer Franken (CHF). Obwohl Bargeld in der Schweiz noch relativ verbreitet ist, wird immer mehr mit Debit- oder Kreditkarte bezahlt. Die <strong><em><a href=\"https:\/\/www.twint.ch\/\">App &#171;Twint&#187;<\/a><\/em><\/strong> ist in der Schweiz ebenfalls weit verbreitet. Um Twint nutzen zu k\u00f6nnen, ben\u00f6tigen Sie ein Schweizer Bankkonto.<\/p>\n\n\n\n<p>Mehr Informationen zu \u00f6ffentlichen Zahlungsmitteln finden Sie <strong><em><a href=\"https:\/\/www.efv.admin.ch\/de\/oeffentliche-zahlungsmittel\">ici<\/a><\/em><\/strong>.  <\/p>\n\t\t\t<\/div>\n\t\t<\/div>\n\t\t\t\t<div id=\"qaef-159\" class=\"qe-faq-toggle schweiz-allgemeines\">\n\t\t\t<div class=\"qe-toggle-title\">\n\t\t\t\t<h4>\n\t\t\t\t\t<i class=\"fa fa-minus-circle\"><\/i> 03. quelles sont les religions en Suisse ?\t\t\t\t<\/h4>\n\t\t\t<\/div>\n\t\t\t<div class=\"qe-toggle-content\">\n\t\t\t\t\n<div class=\"inherit-container-width wp-block-group is-layout-constrained wp-block-group-is-layout-constrained\"><div class=\"wp-block-group__inner-container\">\n<figure class=\"wp-block-image alignleft size-full is-resized\"><img decoding=\"async\" loading=\"lazy\" width=\"300\" height=\"203\" src=\"https:\/\/integration.ow.ch\/wp-content\/uploads\/2021\/11\/csm_F13-3_24816466_lagom_f8d8e6afbf.jpg\" alt=\"\" class=\"wp-image-160\" style=\"width:300px;height:203px\" \/><\/figure>\n\n\n\n<p>Le site\u00a0<strong>Christianisme<\/strong>\u00a0ist die am weitesten verbreitete Religion im Land, vor allem vertreten durch die r\u00f6misch-katholische und die protestantische Kirche. In den einzelnen Kantonen dominiert jeweils eine der beiden Konfessionen.<br><br>In der Schweiz werden aber auch andere Religionen praktiziert wie zum Beispiel der Islam, das Judentum, der Hinduismus oder der Buddhismus. Ausserdem gibt es viele Menschen, die keiner Konfession angeh\u00f6ren. <br><br>En Suisse, l'\u00c9glise et l'\u00c9tat sont s\u00e9par\u00e9s. Le site\u00a0<strong>Droit \u00e0 la libert\u00e9 de croyance, de conscience et de culture<\/strong>\u00a0ist in der Bundesverfassung fest verankert. Jeder Mensch hat also das Recht, frei zu entscheiden, ob er oder sie gl\u00e4ubig sein m\u00f6chte und welche Religion er oder sie praktizieren will. Man darf also seine \u00dcberzeugungen frei \u00e4ussern auch den Glauben oder die Religion wechseln. Das gilt f\u00fcr Einzelpersonen genauso wie f\u00fcr Glaubensgemeinschaften.\u00a0<\/p>\n<\/div><\/div>\n\t\t\t<\/div>\n\t\t<\/div>\n\t\t\t\t<div id=\"qaef-163\" class=\"qe-faq-toggle schweiz-allgemeines\">\n\t\t\t<div class=\"qe-toggle-title\">\n\t\t\t\t<h4>\n\t\t\t\t\t<i class=\"fa fa-minus-circle\"><\/i> 04. quelles sont les r\u00e8gles de politesse en vigueur en Suisse ?\t\t\t\t<\/h4>\n\t\t\t<\/div>\n\t\t\t<div class=\"qe-toggle-content\">\n\t\t\t\t\n<figure class=\"wp-block-image alignright size-full is-resized\"><img decoding=\"async\" loading=\"lazy\" width=\"300\" height=\"203\" src=\"https:\/\/integration.ow.ch\/wp-content\/uploads\/2021\/11\/csm_F15-2_21625390_PhilippeRamakers_ad182e2e9a.jpg\" alt=\"\" class=\"wp-image-164\" style=\"width:367px;height:248px\" \/><\/figure>\n\n\n\n<div class=\"inherit-container-width wp-block-group is-layout-constrained wp-block-group-is-layout-constrained\"><div class=\"wp-block-group__inner-container\">\n<p>In der Schweiz gibt es\u00a0<strong>g\u00e4ngige Verhaltensregeln und Umgangsformen<\/strong>, die sich je nach Region stark unterscheiden k\u00f6nnen.\u00a0Sie zu kennen, erleichtert das Zusammenleben in der Gesellschaft. Hier ein paar davon: <\/p>\n\n\n\n<ul class=\"wp-block-list\">\n<li><strong>Ponctualit\u00e9 :<\/strong>\u00a0In der Schweiz wird viel Wert darauf gelegt, bei Treffen p\u00fcnktlich zu sein. Dies gilt in der Berufswelt, bei verbindlichen Terminen und bei privaten Anl\u00e4ssen.<\/li>\n\n\n\n<li><strong>rencontre :<\/strong> Insbesondere in kleinen Gemeinden ist es \u00fcblich, sich auf der Strasse zu gr\u00fcssen, auch wenn man die Person nicht kennt. Viele sagen dann &#171;Gr\u00fcezi&#187;. In St\u00e4dten kommt dies nur sehr selten vor.<\/li>\n\n\n\n<li><strong>Accueil :<\/strong>\u00a0In der Schweiz reichen sich die meisten Menschen zur Begr\u00fcssung die rechte Hand. Es gilt dabei als h\u00f6flich, seinem Gegen\u00fcber in die Augen zu schauen. Unter Freunden gibt es ganz verschiedene Begr\u00fcssungsformen, die stark variieren k\u00f6nnen. <\/li>\n\n\n\n<li><strong>visite :\u00a0<\/strong>Die meisten Schweizerinnen und Schweizer m\u00f6gen keine spontanen Besuche bei sich zu  Hause. Vor dem Betreten der Wohnung ist es zudem \u00fcblich, sich zu erkundigen, ob man die Schuhe ausziehen soll.<\/li>\n\n\n\n<li><strong>A table :<\/strong>\u00a0Bevor man gemeinsam mit dem Essen beginnt, w\u00fcnscht man sich einen guten Appetit. Wird Wein getrunken, hebt man am Anfang das Glas. Man schaut sich dabei in die Augen, st\u00f6sst die Gl\u00e4ser aneinander und sagt \u00abProst\u00bb oder \u00abzum Wohl\u00bb.<\/li>\n\n\n\n<li><strong>Invitation :<\/strong>\u00a0Viele Personen bringen ein kleines Geschenk mit, wenn sie bei jemandem zum Essen eingeladen sind. Das k\u00f6nnen eine Flasche Wein, Schokolade oder Blumen sein. <\/li>\n<\/ul>\n<\/div><\/div>\n\t\t\t<\/div>\n\t\t<\/div>\n\t\t\t\t<div id=\"qaef-165\" class=\"qe-faq-toggle schweiz-allgemeines\">\n\t\t\t<div class=\"qe-toggle-title\">\n\t\t\t\t<h4>\n\t\t\t\t\t<i class=\"fa fa-minus-circle\"><\/i> 05. l'homme et la femme sont-ils \u00e9gaux en Suisse ?\t\t\t\t<\/h4>\n\t\t\t<\/div>\n\t\t\t<div class=\"qe-toggle-content\">\n\t\t\t\t\n<div class=\"inherit-container-width wp-block-group is-layout-constrained wp-block-group-is-layout-constrained\"><div class=\"wp-block-group__inner-container\">\n<figure class=\"wp-block-image alignright size-full is-resized\"><img decoding=\"async\" loading=\"lazy\" width=\"300\" height=\"203\" src=\"https:\/\/integration.ow.ch\/wp-content\/uploads\/2021\/11\/csm_F16-2_6212587_ThomasWagner_68b45dd905.jpg\" alt=\"\" class=\"wp-image-166\" style=\"width:374px;height:253px\" \/><\/figure>\n\n\n\n<p>L'\u00e9galit\u00e9 entre les femmes et les hommes est un droit fondamental important de l'\u00e9galit\u00e9 des droits.<br><br>L'\u00e9galit\u00e9 des droits entre hommes et femmes est inscrite dans la Constitution depuis 1981.\u00a0<strong>Art. 8, al. 3 de la Constitution f\u00e9d\u00e9rale suisse<\/strong>\u00a0est ancr\u00e9 : <br><em>\"L'homme et la femme sont \u00e9gaux en droit. La loi veille \u00e0 leur \u00e9galit\u00e9 de droit et de fait, notamment dans la famille, la formation et le travail. L'homme et la femme ont droit \u00e0 un salaire \u00e9gal pour un travail de valeur \u00e9gale\".<\/em><br><br>Le site <strong><em><a href=\"https:\/\/www.fedlex.admin.ch\/eli\/cc\/1996\/1498_1498_1498\/de\">Gleichstellungsgesetz (GIG)<\/a><\/em><\/strong> erm\u00f6glicht es Frauen und M\u00e4nnern, sich gegen direkte und indirekte Diskriminierungen zu wehren \u2013 in der Familie, im Erwerbsleben oder bei sexueller Bel\u00e4stigung am Arbeitsplatz. <\/p>\n<\/div><\/div>\n\t\t\t<\/div>\n\t\t<\/div>\n\t\t\t\t<div id=\"qaef-183\" class=\"qe-faq-toggle schweiz-allgemeines\">\n\t\t\t<div class=\"qe-toggle-title\">\n\t\t\t\t<h4>\n\t\t\t\t\t<i class=\"fa fa-minus-circle\"><\/i> 06. Wie ist die Schweiz entstanden?\t\t\t\t<\/h4>\n\t\t\t<\/div>\n\t\t\t<div class=\"qe-toggle-content\">\n\t\t\t\t\n<figure class=\"wp-block-image alignleft size-full\"><img decoding=\"async\" loading=\"lazy\" width=\"300\" height=\"203\" src=\"https:\/\/integration.ow.ch\/wp-content\/uploads\/2021\/11\/csm_F1-1_www.parlamen.ch_6cee45f687-1.jpg\" alt=\"\" class=\"wp-image-185\" \/><\/figure>\n\n\n\n<div class=\"wp-block-group is-layout-constrained wp-block-group-is-layout-constrained\"><div class=\"wp-block-group__inner-container\">\n<p>En l'an <strong>1291<\/strong> wurde die Schweizer Eidgenossenschaft mit den Urkantonen Uri, Schwyz und Unterwalden gegr\u00fcndet. Nach und nach kamen immer mehr St\u00e4dte und Kantone hinzu. Die gesamte Schweizer Geschichte wurde stark durch die Reformation und die Kriege in Europa gepr\u00e4gt. <strong><em><a href=\"https:\/\/www.aboutswitzerland.eda.admin.ch\/de\/geschichte-der-schweiz\">Ici<\/a><\/em><\/strong> finden Sie einen kurzen \u00dcberblick. <\/p>\n<\/div><\/div>\n\n\n\n<p>   <\/p>\n\n\n\n<p><\/p>\n\n\n\n<p><\/p>\n\t\t\t<\/div>\n\t\t<\/div>\n\t\t            <\/div>\n\t\t<\/div>","protected":false},"excerpt":{"rendered":"<p>Schweiz Allgemeines Fragen:<\/p>","protected":false},"author":1,"featured_media":37,"parent":0,"menu_order":1,"comment_status":"closed","ping_status":"closed","template":"","meta":{"_uag_custom_page_level_css":"","site-sidebar-layout":"","site-content-layout":"","ast-site-content-layout":"default","site-content-style":"default","site-sidebar-style":"default","ast-global-header-display":"","ast-banner-title-visibility":"","ast-main-header-display":"","ast-hfb-above-header-display":"","ast-hfb-below-header-display":"","ast-hfb-mobile-header-display":"","site-post-title":"disabled","ast-breadcrumbs-content":"","ast-featured-img":"disabled","footer-sml-layout":"","ast-disable-related-posts":"","theme-transparent-header-meta":"","adv-header-id-meta":"","stick-header-meta":"","header-above-stick-meta":"","header-main-stick-meta":"","header-below-stick-meta":"","astra-migrate-meta-layouts":"set","ast-page-background-enabled":"default","ast-page-background-meta":{"desktop":{"background-color":"","background-image":"","background-repeat":"repeat","background-position":"center center","background-size":"auto","background-attachment":"scroll","background-type":"","background-media":"","overlay-type":"","overlay-color":"","overlay-opacity":"","overlay-gradient":""},"tablet":{"background-color":"","background-image":"","background-repeat":"repeat","background-position":"center center","background-size":"auto","background-attachment":"scroll","background-type":"","background-media":"","overlay-type":"","overlay-color":"","overlay-opacity":"","overlay-gradient":""},"mobile":{"background-color":"","background-image":"","background-repeat":"repeat","background-position":"center center","background-size":"auto","background-attachment":"scroll","background-type":"","background-media":"","overlay-type":"","overlay-color":"","overlay-opacity":"","overlay-gradient":""}},"ast-content-background-meta":{"desktop":{"background-color":"var(--ast-global-color-5)","background-image":"","background-repeat":"repeat","background-position":"center center","background-size":"auto","background-attachment":"scroll","background-type":"","background-media":"","overlay-type":"","overlay-color":"","overlay-opacity":"","overlay-gradient":""},"tablet":{"background-color":"var(--ast-global-color-5)","background-image":"","background-repeat":"repeat","background-position":"center center","background-size":"auto","background-attachment":"scroll","background-type":"","background-media":"","overlay-type":"","overlay-color":"","overlay-opacity":"","overlay-gradient":""},"mobile":{"background-color":"var(--ast-global-color-5)","background-image":"","background-repeat":"repeat","background-position":"center center","background-size":"auto","background-attachment":"scroll","background-type":"","background-media":"","overlay-type":"","overlay-color":"","overlay-opacity":"","overlay-gradient":""}},"footnotes":""},"class_list":["post-102","page","type-page","status-publish","has-post-thumbnail","hentry"],"uagb_featured_image_src":{"full":["https:\/\/integration.ow.ch\/wp-content\/uploads\/2021\/10\/F4-1_5412818_AdrianAssalve_iStock.jpg",500,338,false],"thumbnail":["https:\/\/integration.ow.ch\/wp-content\/uploads\/2021\/10\/F4-1_5412818_AdrianAssalve_iStock-150x150.jpg",150,150,true],"medium":["https:\/\/integration.ow.ch\/wp-content\/uploads\/2021\/10\/F4-1_5412818_AdrianAssalve_iStock-300x203.jpg",300,203,true],"medium_large":["https:\/\/integration.ow.ch\/wp-content\/uploads\/2021\/10\/F4-1_5412818_AdrianAssalve_iStock.jpg",500,338,false],"large":["https:\/\/integration.ow.ch\/wp-content\/uploads\/2021\/10\/F4-1_5412818_AdrianAssalve_iStock.jpg",500,338,false],"1536x1536":["https:\/\/integration.ow.ch\/wp-content\/uploads\/2021\/10\/F4-1_5412818_AdrianAssalve_iStock.jpg",500,338,false],"2048x2048":["https:\/\/integration.ow.ch\/wp-content\/uploads\/2021\/10\/F4-1_5412818_AdrianAssalve_iStock.jpg",500,338,false],"trp-custom-language-flag":["https:\/\/integration.ow.ch\/wp-content\/uploads\/2021\/10\/F4-1_5412818_AdrianAssalve_iStock.jpg",18,12,false]},"uagb_author_info":{"display_name":"admin","author_link":"https:\/\/integration.ow.ch\/fr\/author\/inow-wpadmin\/"},"uagb_comment_info":0,"uagb_excerpt":"Schweiz Allgemeines Fragen:","_links":{"self":[{"href":"https:\/\/integration.ow.ch\/fr\/wp-json\/wp\/v2\/pages\/102","targetHints":{"allow":["GET"]}}],"collection":[{"href":"https:\/\/integration.ow.ch\/fr\/wp-json\/wp\/v2\/pages"}],"about":[{"href":"https:\/\/integration.ow.ch\/fr\/wp-json\/wp\/v2\/types\/page"}],"author":[{"embeddable":true,"href":"https:\/\/integration.ow.ch\/fr\/wp-json\/wp\/v2\/users\/1"}],"replies":[{"embeddable":true,"href":"https:\/\/integration.ow.ch\/fr\/wp-json\/wp\/v2\/comments?post=102"}],"version-history":[{"count":4,"href":"https:\/\/integration.ow.ch\/fr\/wp-json\/wp\/v2\/pages\/102\/revisions"}],"predecessor-version":[{"id":2126,"href":"https:\/\/integration.ow.ch\/fr\/wp-json\/wp\/v2\/pages\/102\/revisions\/2126"}],"wp:featuredmedia":[{"embeddable":true,"href":"https:\/\/integration.ow.ch\/fr\/wp-json\/wp\/v2\/media\/37"}],"wp:attachment":[{"href":"https:\/\/integration.ow.ch\/fr\/wp-json\/wp\/v2\/media?parent=102"}],"curies":[{"name":"wp","href":"https:\/\/api.w.org\/{rel}","templated":true}]}}