{"id":301,"date":"2021-11-02T00:50:50","date_gmt":"2021-11-02T00:50:50","guid":{"rendered":"https:\/\/integration.ow.ch\/?page_id=301"},"modified":"2026-01-14T18:37:25","modified_gmt":"2026-01-14T17:37:25","slug":"mobilitaet-verkehr","status":"publish","type":"page","link":"https:\/\/integration.ow.ch\/es\/mobilitaet-verkehr\/","title":{"rendered":"Movilidad y transporte"},"content":{"rendered":"<h1 class=\"wp-block-heading\">Movilidad y transporte<\/h1>\n\n\n\n<h2 class=\"wp-block-heading\">Preguntas:<\/h2>\n\n\n\n<div class=\"wp-block-quick-and-easy-faqs-faqs-accordion-orderby-title-asc\">            <div class=\"qae-faqs-container qae-faqs-toggle-container\">\n\t\t\t\t\t\t\t<ul class=\"qe-faqs-filters-container\">\n\t\t\t\t<li class=\"active\"><a class=\"qe-faqs-filter all-faqs\" href=\"#\" data-filter=\"*\">Todo<\/a><\/li>\n\t\t\t\t<li><a class=\"qe-faqs-filter\" href=\"#Mobilit\u00e4t \/ Verkehr\" data-filter=\".Mobilit\u00e4t \/ Verkehr\">Movilidad \/ Tr\u00e1fico<\/a><\/li>\t\t\t<\/ul>\n\t\t\t\t\t<div id=\"qaef-659\" class=\"qe-faq-toggle mobilitaet-verkehr\">\n\t\t\t<div class=\"qe-toggle-title\">\n\t\t\t\t<h4>\n\t\t\t\t\t<i class=\"fa fa-minus-circle\"><\/i> 01. Ist mein ausl\u00e4ndischer F\u00fchrerschein in der Schweiz g\u00fcltig?\t\t\t\t<\/h4>\n\t\t\t<\/div>\n\t\t\t<div class=\"qe-toggle-content\">\n\t\t\t\t\n<div class=\"inherit-container-width wp-block-group is-layout-constrained wp-block-group-is-layout-constrained\"><div class=\"wp-block-group__inner-container\">\n<figure class=\"wp-block-image alignright size-full is-resized\"><img decoding=\"async\" loading=\"lazy\" width=\"300\" height=\"203\" src=\"https:\/\/integration.ow.ch\/wp-content\/uploads\/2021\/11\/csm_F2-2_Ausweis_Grafikbar_bd70ddb5a4.jpg\" alt=\"\" class=\"wp-image-660\" style=\"width:324px;height:auto\" \/><\/figure>\n\n\n\n<p>Con un permiso de conducir extranjero, puede seguir conduciendo en Suiza.&nbsp;<strong>durante un m\u00e1ximo de 12 meses<\/strong>&nbsp;Auto fahren. K\u00fcmmern Sie sich deshalb schon fr\u00fchzeitig darum, einen Schweizer F\u00fchrerausweis zu erhalten, damit Sie auch danach noch Auto fahren k\u00f6nnen. Allgemeine Informationen zu Fahrzeugen und F\u00fchrerscheinen sind&nbsp;<em><a href=\"https:\/\/www.ch.ch\/de\/fahrzeuge-und-verkehr\/fuhrerausweis\/\" target=\"_blank\" rel=\"noreferrer noopener\"><strong>aqu\u00ed&nbsp;<\/strong><\/a><\/em>para encontrar.<\/p>\n\n\n\n<p>Beim <a href=\"https:\/\/www.vsz.ch\/strassenverkehr\/fuehrerzulassung\/fuehrerausweis\/auslaendischer-fuehrerausweis\/\"><strong><em>Centro de Seguridad Vial de Obwalden<\/em><\/strong><\/a> erhalten Sie weitere Informationen, ob der Ausweis aus Ihrem Herkunftsland anerkannt wird oder ob Sie eine Kontrollfahrt oder nochmals eine Fahrpr\u00fcfung machen m\u00fcssen. <\/p>\n<\/div><\/div>\n\n\n\n<p><\/p>\n\t\t\t<\/div>\n\t\t<\/div>\n\t\t\t\t<div id=\"qaef-661\" class=\"qe-faq-toggle mobilitaet-verkehr\">\n\t\t\t<div class=\"qe-toggle-title\">\n\t\t\t\t<h4>\n\t\t\t\t\t<i class=\"fa fa-minus-circle\"><\/i> 02 \u00bfC\u00f3mo puedo obtener un permiso de circulaci\u00f3n suizo y una matr\u00edcula suiza?\t\t\t\t<\/h4>\n\t\t\t<\/div>\n\t\t\t<div class=\"qe-toggle-content\">\n\t\t\t\t\n<div class=\"inherit-container-width wp-block-group is-layout-constrained wp-block-group-is-layout-constrained\"><div class=\"wp-block-group__inner-container\">\n<p>Los veh\u00edculos extranjeros deben tener un permiso de circulaci\u00f3n suizo y una matr\u00edcula suiza si:<\/p>\n<\/div><\/div>\n\n\n\n<div class=\"inherit-container-width wp-block-group is-layout-constrained wp-block-group-is-layout-constrained\"><div class=\"wp-block-group__inner-container\">\n<figure class=\"wp-block-image alignright size-full is-resized\"><img decoding=\"async\" loading=\"lazy\" width=\"300\" height=\"203\" src=\"https:\/\/integration.ow.ch\/wp-content\/uploads\/2021\/11\/csm_F3-3_3541672_alma_sacra_bb5e6f82b3.jpg\" alt=\"\" class=\"wp-image-662\" style=\"width:300px;height:203px\" \/><\/figure>\n\n\n\n<ul class=\"wp-block-list\">\n<li>sie seit mehr als einem Jahr in der Schweiz verwendet werden,sich der Fahrzeughalter oder die Fahrzeughalterin <\/li>\n\n\n\n<li>seit mehr als einem Jahr in der Schweiz aufh\u00e4lt und das Fahrzeug l\u00e4nger als einen Monat hier verwendet oder<\/li>\n\n\n\n<li>die Fahrzeuge zum entgeltlichen Transport von Personen oder G\u00fctern innerhalb der Schweiz verwendet werden.<\/li>\n<\/ul>\n<\/div><\/div>\n\n\n\n<p>Puede encontrar m\u00e1s informaci\u00f3n <a href=\"https:\/\/www.vsz.ch\/strassenverkehr\/fahrzeugzulassung\/auslaendische-fahrzeuge\/\"><strong><em>aqu\u00ed<\/em><\/strong><\/a>.<\/p>\n\t\t\t<\/div>\n\t\t<\/div>\n\t\t\t\t<div id=\"qaef-663\" class=\"qe-faq-toggle mobilitaet-verkehr\">\n\t\t\t<div class=\"qe-toggle-title\">\n\t\t\t\t<h4>\n\t\t\t\t\t<i class=\"fa fa-minus-circle\"><\/i> 03 \u00bfC\u00f3mo puedo presentarme al examen de conducir en Suiza?\t\t\t\t<\/h4>\n\t\t\t<\/div>\n\t\t\t<div class=\"qe-toggle-content\">\n\t\t\t\t\n<div class=\"inherit-container-width wp-block-group is-layout-constrained wp-block-group-is-layout-constrained\"><div class=\"wp-block-group__inner-container\">\n<p>Wenn Sie lernen m\u00f6chten, Motorfahrzeuge zu fahren, m\u00fcssen Sie verschiedene Schritte absolvieren, die <strong><em><a href=\"https:\/\/www.ch.ch\/de\/fahrzeuge-und-verkehr\/fuhrerausweis\/autofahren-lernen\/#schritte-auf-dem-weg-zum-fuhrerausweis\">aqu\u00ed<\/a><\/em><\/strong> genauer beschrieben sind. Achten Sie dabei auf die Voraussetzungen, Regeln und Fristen. Sie k\u00f6nnen sich jederzeit von Ihrer <strong><em><a href=\"https:\/\/www.fahrlehrer.ch\/fahrschulen\/ow\">Fahrschule<\/a><\/em><\/strong>, Ihrem Fahrlehrer oder Ihrer Fahrlehrerin beraten lassen. Allgemeine Informationen zum Fahren lernen finden Sie\u00a0<em><a href=\"https:\/\/www.vsz.ch\/\" target=\"_blank\" rel=\"noreferrer noopener\"><strong>aqu\u00ed<\/strong><\/a><\/em>.<\/p>\n\n\n\n<p>Para poder inscribirse en el examen de conducir, son necesarios algunos requisitos previos:<\/p>\n\n\n\n<figure class=\"wp-block-image alignleft size-full is-resized\"><img decoding=\"async\" loading=\"lazy\" width=\"300\" height=\"203\" src=\"https:\/\/integration.ow.ch\/wp-content\/uploads\/2021\/11\/csm_F3-1_Fahrschule_Grafikbar_59d76ffacc.jpg\" alt=\"\" class=\"wp-image-664\" \/><\/figure>\n\n\n\n<ul class=\"wp-block-list\">\n<li>Debe, al menos<strong>&nbsp;18 a\u00f1os<\/strong>&nbsp;ser viejo.<\/li>\n\n\n\n<li>Debe tener un certificado estatal&nbsp;<strong>Curso de ayudante de emergencia&nbsp;<\/strong>visit\u00f3 y tuvo una&nbsp;<strong>Prueba ocular&nbsp;<\/strong>pasar en una \u00f3ptica autorizada.<\/li>\n\n\n\n<li>Debe presentar un escrito&nbsp;<strong>Examen de teor\u00eda&nbsp;<\/strong>bestanden haben.<\/li>\n\n\n\n<li>Debe tener un<strong>&nbsp;cierto n\u00famero de clases pr\u00e1cticas de conducci\u00f3n<\/strong>&nbsp;absolviert haben. <\/li>\n\n\n\n<li>La inscripci\u00f3n para el&nbsp;<strong>Examen de conducir&nbsp;<\/strong>erfolgt meistens durch die Fahrschule, den Fahrlehrer oder die Fahrlehrerin.<\/li>\n<\/ul>\n<\/div><\/div>\n\n\n\n<p><\/p>\n\t\t\t<\/div>\n\t\t<\/div>\n\t\t\t\t<div id=\"qaef-665\" class=\"qe-faq-toggle mobilitaet-verkehr\">\n\t\t\t<div class=\"qe-toggle-title\">\n\t\t\t\t<h4>\n\t\t\t\t\t<i class=\"fa fa-minus-circle\"><\/i> 04. Wo kann ich ein Auto mieten?\t\t\t\t<\/h4>\n\t\t\t<\/div>\n\t\t\t<div class=\"qe-toggle-content\">\n\t\t\t\t\n<div class=\"inherit-container-width wp-block-group is-layout-constrained wp-block-group-is-layout-constrained\"><div class=\"wp-block-group__inner-container\">\n<figure class=\"wp-block-image alignleft size-full is-resized\"><img decoding=\"async\" loading=\"lazy\" width=\"300\" height=\"203\" src=\"https:\/\/integration.ow.ch\/wp-content\/uploads\/2021\/11\/csm_F4-1_MobilityAuto_Grafikbar_6058c2f8eb.jpg\" alt=\"\" class=\"wp-image-666\" style=\"width:300px;height:203px\" \/><\/figure>\n\n\n\n<p>In der Schweiz gibt es mehrere Unternehmen, bei denen Sie ein Auto mieten k\u00f6nnen. Wenn Sie das Auto nicht t\u00e4glich nutzen, ist das Mieten g\u00fcnstiger als der Kauf eines eigenen Autos. <br>Ein empfehlenswertes Angebot ist das <strong><em><a href=\"https:\/\/mobility.ch\/\">Mobility Carsharing<\/a><\/em><\/strong>. Sie k\u00f6nnen dort das Mobility-Auto per Internet, Handy oder Telefon f\u00fcr Ihren gew\u00fcnschten Zeitraum reservieren. Mit der Mitgliederkarte k\u00f6nnen Sie es dann \u00f6ffnen und benutzen.<br><br>Si s\u00f3lo desea alquilar un coche para un uso puntual (mudanza o similar), puede encontrar muchos proveedores en Internet donde alquilar un coche o una furgoneta.<\/p>\n<\/div><\/div>\n\n\n\n<p><\/p>\n\t\t\t<\/div>\n\t\t<\/div>\n\t\t\t\t<div id=\"qaef-667\" class=\"qe-faq-toggle mobilitaet-verkehr\">\n\t\t\t<div class=\"qe-toggle-title\">\n\t\t\t\t<h4>\n\t\t\t\t\t<i class=\"fa fa-minus-circle\"><\/i> 05. Welche Angebote gibt es im \u00f6ffentlichen Verkehr?\t\t\t\t<\/h4>\n\t\t\t<\/div>\n\t\t\t<div class=\"qe-toggle-content\">\n\t\t\t\t\n<div class=\"inherit-container-width wp-block-group is-layout-constrained wp-block-group-is-layout-constrained\"><div class=\"wp-block-group__inner-container\">\n<figure class=\"wp-block-image alignright size-full is-resized\"><img decoding=\"async\" loading=\"lazy\" width=\"300\" height=\"203\" src=\"https:\/\/integration.ow.ch\/wp-content\/uploads\/2021\/11\/csm_F5-1_SBB_RogerWehrli_d17ff725d9.jpg\" alt=\"\" class=\"wp-image-668\" \/><\/figure>\n\n\n\n<p>Der \u00f6ffentliche Verkehr ist in der Schweiz und im Kanton Obwalden sehr gut ausgebaut. Mit Zug, Bus, Tram oder Schiff kommen Sie beinahe \u00fcberall hin. Mit dem <strong><em><a href=\"https:\/\/www.sbb.ch\/de\">Online-Fahrplan<\/a><\/em><\/strong> der SBB oder der SBB-App k\u00f6nnen Sie jederzeit die richtige Verbindung f\u00fcr Sie suchen. <\/p>\n\n\n\n<p>Der \u00f6ffentliche Verkehr in der Schweiz ist kostenpflichtig. <strong><em><a href=\"https:\/\/www.sbb.ch\/de\/billette-angebote\/kaufen.html\">Aqu\u00ed<\/a><\/em><\/strong> finden Sie eine \u00dcbersicht \u00fcber die verschiedenen Angebote. Anstatt f\u00fcr jede einzelne Fahrt ein Billett zu kaufen, kann sich ein\u00a0<strong><em><a href=\"https:\/\/www.sbb.ch\/de\/billette-angebote\/abos\/abo-finden.html\">Suscripci\u00f3n<\/a><\/em><\/strong>\u00a0lohnen. <\/p>\n\n\n\n<p>Einige Gemeinden haben eine gewisse Anzahl an verg\u00fcnstigten Tageskarten f\u00fcr den \u00f6ffentlichen Verkehr zur Verf\u00fcgung. Damit kann man einen Tag lang in der ganzen Schweiz reisen. Melden Sie sich bei Ihrer Gemeinde, wenn Sie an einem bestimmten Tag eine solche Karte benutzen m\u00f6chten. <\/p>\n\n\n\n<p>Die Tickets werden w\u00e4hrend der Fahrt vom Personal kontrolliert. Wenn Sie ohne g\u00fcltiges Ticket den \u00f6ffentlichen Verkehr nutzen, m\u00fcssen Sie mit einer Strafe rechnen.<\/p>\n\n\n\n<p><strong>Wichtig zu wissen:<\/strong> In Begleitung fahren\u00a0Kinder bis 6 Jahre\u00a0in allen \u00f6ffentlichen Verkehrsmitteln gratis mit.\u00a0Kinder und Jugendliche\u00a0im Alter von\u00a06 bis 16 Jahren\u00a0bezahlen nur den halben Fahrpreis. Sehr praktisch ist hier die <a href=\"https:\/\/www.sbb.ch\/de\/abos-billette\/abonnemente\/junior-karte-kinder-mitfahrkarte.html\"><em><strong>Mapa de junio<\/strong><\/em><\/a>.<\/p>\n<\/div><\/div>\n\n\n\n<p><\/p>\n\t\t\t<\/div>\n\t\t<\/div>\n\t\t\t\t<div id=\"qaef-669\" class=\"qe-faq-toggle mobilitaet-verkehr\">\n\t\t\t<div class=\"qe-toggle-title\">\n\t\t\t\t<h4>\n\t\t\t\t\t<i class=\"fa fa-minus-circle\"><\/i> 06. Wo kann ich ein Velo mieten oder kaufen?\t\t\t\t<\/h4>\n\t\t\t<\/div>\n\t\t\t<div class=\"qe-toggle-content\">\n\t\t\t\t\n<div class=\"inherit-container-width wp-block-group is-layout-constrained wp-block-group-is-layout-constrained\"><div class=\"wp-block-group__inner-container\">\n<p>An vielen Standorten in der Schweiz k\u00f6nnen Sie ein&nbsp;<strong>Alquilar una bicicleta por unas horas o incluso por un d\u00eda<\/strong> &#8211; teils kostenlos gegen ein Depot, teils gegen eine geringe Geb\u00fchr. Hier einige Angebote: <\/p>\n\n\n\n<figure class=\"wp-block-image alignright size-full is-resized\"><img decoding=\"async\" loading=\"lazy\" width=\"300\" height=\"203\" src=\"https:\/\/integration.ow.ch\/wp-content\/uploads\/2021\/11\/csm_F8-1_24132053_Maridav_3abc4c9ee2.jpg\" alt=\"\" class=\"wp-image-670\" \/><\/figure>\n\n\n\n<ul class=\"wp-block-list\">\n<li><strong><em><a href=\"https:\/\/www.rentabike.ch\/home\">Rent a bike <\/a><\/em><\/strong><\/li>\n\n\n\n<li><strong><em><a href=\"https:\/\/www.sbb.ch\/de\/billette-angebote\/individualverkehr\/velo-mieten.html\/\">Mietvelos und Bikesharing an Bahnh\u00f6fen <\/a><\/em><\/strong><\/li>\n\n\n\n<li><strong><em><a href=\"https:\/\/www.nextbike.ch\/de\/\">Nextbike<\/a><\/em><\/strong><\/li>\n<\/ul>\n\n\n\n<p>Wenn Sie ein Velo kaufen m\u00f6chten, finden Sie an\u00a0<strong><em><a href=\"https:\/\/www.pro-velo.ch\/de\/angebote\/veloboersen\">Intercambio de bicicletas<\/a><\/em><\/strong>\u00a0gebrauchte Velos zu g\u00fcnstigen Preisen. Sie bieten h\u00e4ufig auch Velozubeh\u00f6r an. Im Internet finden Sie zudem zahlreiche Online-Velob\u00f6rsen wie zum Beispiel <strong><em><a href=\"https:\/\/velomarkt.ch\/\">velomarkt.ch<\/a><\/em><\/strong>. Auch in Gemeindezeitungen oder an Pinnw\u00e4nden finden sich oft Verkaufsanzeigen f\u00fcr Secondhand-Velos.<\/p>\n\n\n\n<p><\/p>\n<\/div><\/div>\n\t\t\t<\/div>\n\t\t<\/div>\n\t\t\t\t<div id=\"qaef-671\" class=\"qe-faq-toggle mobilitaet-verkehr\">\n\t\t\t<div class=\"qe-toggle-title\">\n\t\t\t\t<h4>\n\t\t\t\t\t<i class=\"fa fa-minus-circle\"><\/i> 07. Was sollte ich beachten, wenn ich mit dem Velo unterwegs bin?\t\t\t\t<\/h4>\n\t\t\t<\/div>\n\t\t\t<div class=\"qe-toggle-content\">\n\t\t\t\t\n<div class=\"inherit-container-width wp-block-group is-layout-constrained wp-block-group-is-layout-constrained\"><div class=\"wp-block-group__inner-container\">\n<p>Ihr Velo muss in einem<strong> fahrt\u00fcchtigen Zustand<\/strong> sein. Dies umfasst:<\/p>\n<\/div><\/div>\n\n\n\n<ul class=\"wp-block-list\">\n<li>Gut eingestellte Bremsen<\/li>\n\n\n\n<li>Faro y luz trasera<\/li>\n\n\n\n<li>Ausreichend aufgepumpte Reifen<\/li>\n\n\n\n<li>Funktionierende Klingel<\/li>\n<\/ul>\n\n\n\n<p><em><a href=\"https:\/\/www.velostation.ch\/de\/velostationen\/\"><strong>Aqu\u00ed<\/strong><\/a><\/em> finden Sie Informationen rund um das Thema Velostationen.<\/p>\n\n\n\n<p><strong><em><a href=\"https:\/\/www.bfu.ch\/api\/publications\/bfu_3.018.01_velofahren%20%E2%80%93%20sicher%20im%20sattel.pdf\">Achten Sie auf Ihre Sicherheit!<\/a><\/em><\/strong> Ein gut sitzender Fahrradhelm und eine aufmerksame Fahrweise k\u00f6nnen einen grossen Unterschied machen. <\/p>\n\t\t\t<\/div>\n\t\t<\/div>\n\t\t\t\t<div id=\"qaef-2202\" class=\"qe-faq-toggle mobilitaet-verkehr\">\n\t\t\t<div class=\"qe-toggle-title\">\n\t\t\t\t<h4>\n\t\t\t\t\t<i class=\"fa fa-minus-circle\"><\/i> 08. Welche Fahrdienste gibt es im Kanton Obwalden?\t\t\t\t<\/h4>\n\t\t\t<\/div>\n\t\t\t<div class=\"qe-toggle-content\">\n\t\t\t\t\n<p>Wenn Sie wegen einer k\u00f6rperlichen oder geistigen Einschr\u00e4nkung M\u00fche haben, von einem Ort zum anderen zu kommen, k\u00f6nnen Fahrdienste hilfreich sein. <strong><a href=\"https:\/\/www.srk-unterwalden.ch\/dienstleistungen\/service\/rotkreuz-fahrdienst\">Aqu\u00ed<\/a><\/strong> finden Sie Informationen zum Fahrdienst des Schweizerischen Roten Kreuzes. <\/p>\n\n\n\n<p>Wenn Sie als \u00e4ltere Person in einer Gemeinschaft einen Ausflug machen m\u00f6chten, bietet Ihnen der Verein<strong><a href=\"https:\/\/www.usflugobwalde.ch\/\"> Ausflug Obwalde<\/a><\/strong> verschiedene M\u00f6glichkeiten. <\/p>\n\n\n\n<p><\/p>\n\t\t\t<\/div>\n\t\t<\/div>\n\t\t            <\/div>\n\t\t<\/div>","protected":false},"excerpt":{"rendered":"<p>Mobilit\u00e4t &amp; Verkehr Fragen:<\/p>","protected":false},"author":1,"featured_media":657,"parent":0,"menu_order":23,"comment_status":"closed","ping_status":"closed","template":"","meta":{"_uag_custom_page_level_css":"","site-sidebar-layout":"","site-content-layout":"","ast-site-content-layout":"default","site-content-style":"default","site-sidebar-style":"default","ast-global-header-display":"","ast-banner-title-visibility":"","ast-main-header-display":"","ast-hfb-above-header-display":"","ast-hfb-below-header-display":"","ast-hfb-mobile-header-display":"","site-post-title":"","ast-breadcrumbs-content":"","ast-featured-img":"disabled","footer-sml-layout":"","ast-disable-related-posts":"","theme-transparent-header-meta":"","adv-header-id-meta":"","stick-header-meta":"","header-above-stick-meta":"","header-main-stick-meta":"","header-below-stick-meta":"","astra-migrate-meta-layouts":"set","ast-page-background-enabled":"default","ast-page-background-meta":{"desktop":{"background-color":"","background-image":"","background-repeat":"repeat","background-position":"center center","background-size":"auto","background-attachment":"scroll","background-type":"","background-media":"","overlay-type":"","overlay-color":"","overlay-opacity":"","overlay-gradient":""},"tablet":{"background-color":"","background-image":"","background-repeat":"repeat","background-position":"center center","background-size":"auto","background-attachment":"scroll","background-type":"","background-media":"","overlay-type":"","overlay-color":"","overlay-opacity":"","overlay-gradient":""},"mobile":{"background-color":"","background-image":"","background-repeat":"repeat","background-position":"center center","background-size":"auto","background-attachment":"scroll","background-type":"","background-media":"","overlay-type":"","overlay-color":"","overlay-opacity":"","overlay-gradient":""}},"ast-content-background-meta":{"desktop":{"background-color":"var(--ast-global-color-5)","background-image":"","background-repeat":"repeat","background-position":"center center","background-size":"auto","background-attachment":"scroll","background-type":"","background-media":"","overlay-type":"","overlay-color":"","overlay-opacity":"","overlay-gradient":""},"tablet":{"background-color":"var(--ast-global-color-5)","background-image":"","background-repeat":"repeat","background-position":"center center","background-size":"auto","background-attachment":"scroll","background-type":"","background-media":"","overlay-type":"","overlay-color":"","overlay-opacity":"","overlay-gradient":""},"mobile":{"background-color":"var(--ast-global-color-5)","background-image":"","background-repeat":"repeat","background-position":"center center","background-size":"auto","background-attachment":"scroll","background-type":"","background-media":"","overlay-type":"","overlay-color":"","overlay-opacity":"","overlay-gradient":""}},"footnotes":""},"class_list":["post-301","page","type-page","status-publish","has-post-thumbnail","hentry"],"uagb_featured_image_src":{"full":["https:\/\/integration.ow.ch\/wp-content\/uploads\/2021\/11\/F1-2_21432324_RichardVillalon.jpg",500,338,false],"thumbnail":["https:\/\/integration.ow.ch\/wp-content\/uploads\/2021\/11\/F1-2_21432324_RichardVillalon-150x150.jpg",150,150,true],"medium":["https:\/\/integration.ow.ch\/wp-content\/uploads\/2021\/11\/F1-2_21432324_RichardVillalon-300x203.jpg",300,203,true],"medium_large":["https:\/\/integration.ow.ch\/wp-content\/uploads\/2021\/11\/F1-2_21432324_RichardVillalon.jpg",500,338,false],"large":["https:\/\/integration.ow.ch\/wp-content\/uploads\/2021\/11\/F1-2_21432324_RichardVillalon.jpg",500,338,false],"1536x1536":["https:\/\/integration.ow.ch\/wp-content\/uploads\/2021\/11\/F1-2_21432324_RichardVillalon.jpg",500,338,false],"2048x2048":["https:\/\/integration.ow.ch\/wp-content\/uploads\/2021\/11\/F1-2_21432324_RichardVillalon.jpg",500,338,false],"trp-custom-language-flag":["https:\/\/integration.ow.ch\/wp-content\/uploads\/2021\/11\/F1-2_21432324_RichardVillalon.jpg",18,12,false]},"uagb_author_info":{"display_name":"admin","author_link":"https:\/\/integration.ow.ch\/es\/author\/inow-wpadmin\/"},"uagb_comment_info":0,"uagb_excerpt":"Mobilit\u00e4t &amp; Verkehr Fragen:","_links":{"self":[{"href":"https:\/\/integration.ow.ch\/es\/wp-json\/wp\/v2\/pages\/301","targetHints":{"allow":["GET"]}}],"collection":[{"href":"https:\/\/integration.ow.ch\/es\/wp-json\/wp\/v2\/pages"}],"about":[{"href":"https:\/\/integration.ow.ch\/es\/wp-json\/wp\/v2\/types\/page"}],"author":[{"embeddable":true,"href":"https:\/\/integration.ow.ch\/es\/wp-json\/wp\/v2\/users\/1"}],"replies":[{"embeddable":true,"href":"https:\/\/integration.ow.ch\/es\/wp-json\/wp\/v2\/comments?post=301"}],"version-history":[{"count":1,"href":"https:\/\/integration.ow.ch\/es\/wp-json\/wp\/v2\/pages\/301\/revisions"}],"predecessor-version":[{"id":2012,"href":"https:\/\/integration.ow.ch\/es\/wp-json\/wp\/v2\/pages\/301\/revisions\/2012"}],"wp:featuredmedia":[{"embeddable":true,"href":"https:\/\/integration.ow.ch\/es\/wp-json\/wp\/v2\/media\/657"}],"wp:attachment":[{"href":"https:\/\/integration.ow.ch\/es\/wp-json\/wp\/v2\/media?parent=301"}],"curies":[{"name":"wp","href":"https:\/\/api.w.org\/{rel}","templated":true}]}}